{"id":5326,"date":"2025-05-17T09:41:33","date_gmt":"2025-05-17T08:41:33","guid":{"rendered":"https:\/\/tablaoflamencogranada.com\/flamenco-kuenstler-granada"},"modified":"2025-06-05T17:24:09","modified_gmt":"2025-06-05T16:24:09","slug":"flamenco-kuenstler-granada","status":"publish","type":"page","link":"https:\/\/tablaoflamencogranada.com\/de\/flamenco-kuenstler-granada","title":{"rendered":"Flamenco K\u00fcnstler Granada"},"content":{"rendered":"\t\t<div data-elementor-type=\"wp-page\" data-elementor-id=\"5326\" class=\"elementor elementor-5326 elementor-5323\" data-elementor-post-type=\"page\">\n\t\t\t\t<div class=\"elementor-element elementor-element-7d1e0fb e-flex e-con-boxed e-con e-parent\" data-id=\"7d1e0fb\" data-element_type=\"container\" data-settings=\"{&quot;background_background&quot;:&quot;classic&quot;}\">\n\t\t\t\t\t<div class=\"e-con-inner\">\n\t\t\t\t<div class=\"elementor-element elementor-element-ae12f4b elementor-widget elementor-widget-heading\" data-id=\"ae12f4b\" data-element_type=\"widget\" data-widget_type=\"heading.default\">\n\t\t\t\t\t<h1 class=\"elementor-heading-title elementor-size-default\">Flamenco-K\u00fcnstler Granada, Tablao Albayz\u00edn<\/h1>\t\t\t\t<\/div>\n\t\t\t\t<div class=\"elementor-element elementor-element-3fb2fdd elementor-widget elementor-widget-text-editor\" data-id=\"3fb2fdd\" data-element_type=\"widget\" data-widget_type=\"text-editor.default\">\n\t\t\t\t\t\t\t\t\t<p>Im <a style=\"color: #cc433c;\" title=\"Flamenco Tablao Granada\" href=\"\/\">Tablao Flamenco<\/a> Albayz\u00edn versammeln wir die besten <strong>Flamenco-K\u00fcnstler aus Granada<\/strong> und aus ganz Spanien, die aufgrund ihres Talents, ihrer Authentizit\u00e4t und ihrer Karriere ausgew\u00e4hlt wurden. Jeden Abend wird unsere B\u00fchne von Flamenco-S\u00e4ngern, T\u00e4nzern und Gitarristen belebt, die die wahre Essenz des Flamenco vermitteln. <\/p><p>Lernen Sie unsere K\u00fcnstler, ihre Wurzeln und ihre Geschichte kennen, aber wenn Sie die Kunst wirklich sp\u00fcren wollen, kommen Sie und genie\u00dfen Sie den Flamenco live in Granada. Ein unvergessliches Erlebnis erwartet Sie in einem der emblematischsten Flamenco-Tablaos Andalusiens. <\/p>\t\t\t\t\t\t\t\t<\/div>\n\t\t\t\t\t<\/div>\n\t\t\t\t<\/div>\n\t\t<div class=\"elementor-element elementor-element-0aa6c47 e-flex e-con-boxed e-con e-parent\" data-id=\"0aa6c47\" data-element_type=\"container\" data-settings=\"{&quot;background_background&quot;:&quot;classic&quot;}\">\n\t\t\t\t\t<div class=\"e-con-inner\">\n\t\t\t\t<div class=\"elementor-element elementor-element-428e8a8 elementor-widget elementor-widget-heading\" data-id=\"428e8a8\" data-element_type=\"widget\" data-widget_type=\"heading.default\">\n\t\t\t\t\t<h2 class=\"elementor-heading-title elementor-size-default\">Flamenco-S\u00e4nger<\/h2>\t\t\t\t<\/div>\n\t\t<div class=\"elementor-element elementor-element-ac9f69c e-con-full e-flex e-con e-child\" data-id=\"ac9f69c\" data-element_type=\"container\">\n\t\t<div class=\"elementor-element elementor-element-ca39644 e-con-full e-flex e-con e-child\" data-id=\"ca39644\" data-element_type=\"container\" data-settings=\"{&quot;background_background&quot;:&quot;classic&quot;}\">\n\t\t\t\t<div class=\"elementor-element elementor-element-cae3195 elementor-widget elementor-widget-image\" data-id=\"cae3195\" data-element_type=\"widget\" data-widget_type=\"image.default\">\n\t\t\t\t\t\t\t\t\t\t\t\t\t\t\t<img fetchpriority=\"high\" decoding=\"async\" width=\"800\" height=\"800\" src=\"https:\/\/tablaoflamencogranada.com\/wp-content\/uploads\/2025\/05\/antonio-campos-canator-granada.png\" class=\"attachment-large size-large wp-image-5371\" alt=\"Antonio Campos Cantaor Flamenco Granada\" srcset=\"https:\/\/tablaoflamencogranada.com\/wp-content\/uploads\/2025\/05\/antonio-campos-canator-granada.png 1000w, https:\/\/tablaoflamencogranada.com\/wp-content\/uploads\/2025\/05\/antonio-campos-canator-granada-300x300.png 300w, https:\/\/tablaoflamencogranada.com\/wp-content\/uploads\/2025\/05\/antonio-campos-canator-granada-150x150.png 150w, https:\/\/tablaoflamencogranada.com\/wp-content\/uploads\/2025\/05\/antonio-campos-canator-granada-768x768.png 768w\" sizes=\"(max-width: 800px) 100vw, 800px\" \/>\t\t\t\t\t\t\t\t\t\t\t\t\t\t\t<\/div>\n\t\t<div class=\"elementor-element elementor-element-13d91a2 e-con-full e-flex e-con e-child\" data-id=\"13d91a2\" data-element_type=\"container\">\n\t\t\t\t<div class=\"elementor-element elementor-element-09e5f5a elementor-widget elementor-widget-heading\" data-id=\"09e5f5a\" data-element_type=\"widget\" data-widget_type=\"heading.default\">\n\t\t\t\t\t<h3 class=\"elementor-heading-title elementor-size-default\">Antonio Campos<\/h3>\t\t\t\t<\/div>\n\t\t\t\t<div class=\"elementor-element elementor-element-ec1207e elementor-widget elementor-widget-heading\" data-id=\"ec1207e\" data-element_type=\"widget\" data-widget_type=\"heading.default\">\n\t\t\t\t\t<p class=\"elementor-heading-title elementor-size-default\">Flamenco-S\u00e4ngerin<\/p>\t\t\t\t<\/div>\n\t\t\t\t<\/div>\n\t\t\t\t<\/div>\n\t\t<div class=\"elementor-element elementor-element-e1e95c0 e-con-full e-flex e-con e-child\" data-id=\"e1e95c0\" data-element_type=\"container\" data-settings=\"{&quot;background_background&quot;:&quot;classic&quot;}\">\n\t\t\t\t<div class=\"elementor-element elementor-element-924f873 elementor-widget elementor-widget-image\" data-id=\"924f873\" data-element_type=\"widget\" data-widget_type=\"image.default\">\n\t\t\t\t\t\t\t\t\t\t\t\t\t\t\t<img decoding=\"async\" width=\"800\" height=\"800\" src=\"https:\/\/tablaoflamencogranada.com\/wp-content\/uploads\/2025\/05\/juan-angel-tirado-granada-cantaor.png\" class=\"attachment-large size-large wp-image-5382\" alt=\"Juan \u00c1ngel Tirado\" srcset=\"https:\/\/tablaoflamencogranada.com\/wp-content\/uploads\/2025\/05\/juan-angel-tirado-granada-cantaor.png 1000w, https:\/\/tablaoflamencogranada.com\/wp-content\/uploads\/2025\/05\/juan-angel-tirado-granada-cantaor-300x300.png 300w, https:\/\/tablaoflamencogranada.com\/wp-content\/uploads\/2025\/05\/juan-angel-tirado-granada-cantaor-150x150.png 150w, https:\/\/tablaoflamencogranada.com\/wp-content\/uploads\/2025\/05\/juan-angel-tirado-granada-cantaor-768x768.png 768w\" sizes=\"(max-width: 800px) 100vw, 800px\" \/>\t\t\t\t\t\t\t\t\t\t\t\t\t\t\t<\/div>\n\t\t<div class=\"elementor-element elementor-element-3b39e49 e-con-full e-flex e-con e-child\" data-id=\"3b39e49\" data-element_type=\"container\">\n\t\t\t\t<div class=\"elementor-element elementor-element-3a47912 elementor-widget elementor-widget-heading\" data-id=\"3a47912\" data-element_type=\"widget\" data-widget_type=\"heading.default\">\n\t\t\t\t\t<h3 class=\"elementor-heading-title elementor-size-default\">Juan \u00c1ngel Tirado<\/h3>\t\t\t\t<\/div>\n\t\t\t\t<div class=\"elementor-element elementor-element-789366f elementor-widget elementor-widget-heading\" data-id=\"789366f\" data-element_type=\"widget\" data-widget_type=\"heading.default\">\n\t\t\t\t\t<p class=\"elementor-heading-title elementor-size-default\">Flamenco-S\u00e4ngerin<\/p>\t\t\t\t<\/div>\n\t\t\t\t<\/div>\n\t\t\t\t<\/div>\n\t\t<div class=\"elementor-element elementor-element-a7a8e7c e-con-full e-flex e-con e-child\" data-id=\"a7a8e7c\" data-element_type=\"container\" data-settings=\"{&quot;background_background&quot;:&quot;classic&quot;}\">\n\t\t\t\t<div class=\"elementor-element elementor-element-0dfdf3a elementor-widget elementor-widget-image\" data-id=\"0dfdf3a\" data-element_type=\"widget\" data-widget_type=\"image.default\">\n\t\t\t\t\t\t\t\t\t\t\t\t\t\t\t<img decoding=\"async\" width=\"800\" height=\"800\" src=\"https:\/\/tablaoflamencogranada.com\/wp-content\/uploads\/2025\/05\/sergio-el-colorao.png\" class=\"attachment-large size-large wp-image-5391\" alt=\"Sergio G\u00f3mez el Colorao\" srcset=\"https:\/\/tablaoflamencogranada.com\/wp-content\/uploads\/2025\/05\/sergio-el-colorao.png 1000w, https:\/\/tablaoflamencogranada.com\/wp-content\/uploads\/2025\/05\/sergio-el-colorao-300x300.png 300w, https:\/\/tablaoflamencogranada.com\/wp-content\/uploads\/2025\/05\/sergio-el-colorao-150x150.png 150w, https:\/\/tablaoflamencogranada.com\/wp-content\/uploads\/2025\/05\/sergio-el-colorao-768x768.png 768w\" sizes=\"(max-width: 800px) 100vw, 800px\" \/>\t\t\t\t\t\t\t\t\t\t\t\t\t\t\t<\/div>\n\t\t<div class=\"elementor-element elementor-element-c7f642d e-con-full e-flex e-con e-child\" data-id=\"c7f642d\" data-element_type=\"container\">\n\t\t\t\t<div class=\"elementor-element elementor-element-c3cf101 elementor-widget elementor-widget-heading\" data-id=\"c3cf101\" data-element_type=\"widget\" data-widget_type=\"heading.default\">\n\t\t\t\t\t<h3 class=\"elementor-heading-title elementor-size-default\">Sergio G\u00f3mez, \u201eEl Colorao\u201c.<\/h3>\t\t\t\t<\/div>\n\t\t\t\t<div class=\"elementor-element elementor-element-07900c0 elementor-widget elementor-widget-heading\" data-id=\"07900c0\" data-element_type=\"widget\" data-widget_type=\"heading.default\">\n\t\t\t\t\t<p class=\"elementor-heading-title elementor-size-default\">Flamenco-S\u00e4ngerin<\/p>\t\t\t\t<\/div>\n\t\t\t\t<\/div>\n\t\t\t\t<\/div>\n\t\t\t\t<\/div>\n\t\t\t\t<div class=\"elementor-element elementor-element-335ba19 elementor-widget elementor-widget-heading\" data-id=\"335ba19\" data-element_type=\"widget\" data-widget_type=\"heading.default\">\n\t\t\t\t\t<h2 class=\"elementor-heading-title elementor-size-default\">Flamenco-Gitarristen<\/h2>\t\t\t\t<\/div>\n\t\t<div class=\"elementor-element elementor-element-a1a3078 e-con-full e-flex e-con e-child\" data-id=\"a1a3078\" data-element_type=\"container\">\n\t\t<div class=\"elementor-element elementor-element-06477ea e-con-full e-flex e-con e-child\" data-id=\"06477ea\" data-element_type=\"container\" data-settings=\"{&quot;background_background&quot;:&quot;classic&quot;}\">\n\t\t\t\t<div class=\"elementor-element elementor-element-4ef7bdd elementor-widget elementor-widget-image\" data-id=\"4ef7bdd\" data-element_type=\"widget\" data-widget_type=\"image.default\">\n\t\t\t\t\t\t\t\t\t\t\t\t\t\t\t<img loading=\"lazy\" decoding=\"async\" width=\"800\" height=\"800\" src=\"https:\/\/tablaoflamencogranada.com\/wp-content\/uploads\/2025\/05\/luis-mariano-guitarra-flamenca-granada.png\" class=\"attachment-large size-large wp-image-5420\" alt=\"Luis Mariano Guitarra\" srcset=\"https:\/\/tablaoflamencogranada.com\/wp-content\/uploads\/2025\/05\/luis-mariano-guitarra-flamenca-granada.png 1000w, https:\/\/tablaoflamencogranada.com\/wp-content\/uploads\/2025\/05\/luis-mariano-guitarra-flamenca-granada-300x300.png 300w, https:\/\/tablaoflamencogranada.com\/wp-content\/uploads\/2025\/05\/luis-mariano-guitarra-flamenca-granada-150x150.png 150w, https:\/\/tablaoflamencogranada.com\/wp-content\/uploads\/2025\/05\/luis-mariano-guitarra-flamenca-granada-768x768.png 768w\" sizes=\"(max-width: 800px) 100vw, 800px\" \/>\t\t\t\t\t\t\t\t\t\t\t\t\t\t\t<\/div>\n\t\t<div class=\"elementor-element elementor-element-97d145b e-con-full e-flex e-con e-child\" data-id=\"97d145b\" data-element_type=\"container\">\n\t\t\t\t<div class=\"elementor-element elementor-element-625f3f7 elementor-widget elementor-widget-heading\" data-id=\"625f3f7\" data-element_type=\"widget\" data-widget_type=\"heading.default\">\n\t\t\t\t\t<h3 class=\"elementor-heading-title elementor-size-default\">Luis Mariano<\/h3>\t\t\t\t<\/div>\n\t\t\t\t<div class=\"elementor-element elementor-element-68722b3 elementor-widget elementor-widget-heading\" data-id=\"68722b3\" data-element_type=\"widget\" data-widget_type=\"heading.default\">\n\t\t\t\t\t<p class=\"elementor-heading-title elementor-size-default\">Gitarrist<\/p>\t\t\t\t<\/div>\n\t\t\t\t<\/div>\n\t\t\t\t<\/div>\n\t\t<div class=\"elementor-element elementor-element-6ac304c e-con-full e-flex e-con e-child\" data-id=\"6ac304c\" data-element_type=\"container\" data-settings=\"{&quot;background_background&quot;:&quot;classic&quot;}\">\n\t\t\t\t<div class=\"elementor-element elementor-element-44df5e8 elementor-widget elementor-widget-image\" data-id=\"44df5e8\" data-element_type=\"widget\" data-widget_type=\"image.default\">\n\t\t\t\t\t\t\t\t\t\t\t\t\t\t\t<img loading=\"lazy\" decoding=\"async\" width=\"800\" height=\"800\" src=\"https:\/\/tablaoflamencogranada.com\/wp-content\/uploads\/2025\/05\/manuel-fernandez-guitarrista.png\" class=\"attachment-large size-large wp-image-5428\" alt=\"Manuel Fern\u00e1ndez Guitarrista\" srcset=\"https:\/\/tablaoflamencogranada.com\/wp-content\/uploads\/2025\/05\/manuel-fernandez-guitarrista.png 1000w, https:\/\/tablaoflamencogranada.com\/wp-content\/uploads\/2025\/05\/manuel-fernandez-guitarrista-300x300.png 300w, https:\/\/tablaoflamencogranada.com\/wp-content\/uploads\/2025\/05\/manuel-fernandez-guitarrista-150x150.png 150w, https:\/\/tablaoflamencogranada.com\/wp-content\/uploads\/2025\/05\/manuel-fernandez-guitarrista-768x768.png 768w\" sizes=\"(max-width: 800px) 100vw, 800px\" \/>\t\t\t\t\t\t\t\t\t\t\t\t\t\t\t<\/div>\n\t\t<div class=\"elementor-element elementor-element-f7a1d7b e-con-full e-flex e-con e-child\" data-id=\"f7a1d7b\" data-element_type=\"container\">\n\t\t\t\t<div class=\"elementor-element elementor-element-58ffafd elementor-widget elementor-widget-heading\" data-id=\"58ffafd\" data-element_type=\"widget\" data-widget_type=\"heading.default\">\n\t\t\t\t\t<h3 class=\"elementor-heading-title elementor-size-default\">Manuel Fern\u00e1ndez<\/h3>\t\t\t\t<\/div>\n\t\t\t\t<div class=\"elementor-element elementor-element-d318c8f elementor-widget elementor-widget-heading\" data-id=\"d318c8f\" data-element_type=\"widget\" data-widget_type=\"heading.default\">\n\t\t\t\t\t<p class=\"elementor-heading-title elementor-size-default\">Gitarrist<\/p>\t\t\t\t<\/div>\n\t\t\t\t<\/div>\n\t\t\t\t<\/div>\n\t\t<div class=\"elementor-element elementor-element-4cf1998 e-con-full e-flex e-con e-child\" data-id=\"4cf1998\" data-element_type=\"container\" data-settings=\"{&quot;background_background&quot;:&quot;classic&quot;}\">\n\t\t\t\t<div class=\"elementor-element elementor-element-4c6455a elementor-widget elementor-widget-image\" data-id=\"4c6455a\" data-element_type=\"widget\" data-widget_type=\"image.default\">\n\t\t\t\t\t\t\t\t\t\t\t\t\t\t\t<img loading=\"lazy\" decoding=\"async\" width=\"800\" height=\"800\" src=\"https:\/\/tablaoflamencogranada.com\/wp-content\/uploads\/2025\/05\/marcos-palometas-guitarrista.png\" class=\"attachment-large size-large wp-image-5411\" alt=\"Marcos Palometa Guitarra\" srcset=\"https:\/\/tablaoflamencogranada.com\/wp-content\/uploads\/2025\/05\/marcos-palometas-guitarrista.png 1000w, https:\/\/tablaoflamencogranada.com\/wp-content\/uploads\/2025\/05\/marcos-palometas-guitarrista-300x300.png 300w, https:\/\/tablaoflamencogranada.com\/wp-content\/uploads\/2025\/05\/marcos-palometas-guitarrista-150x150.png 150w, https:\/\/tablaoflamencogranada.com\/wp-content\/uploads\/2025\/05\/marcos-palometas-guitarrista-768x768.png 768w\" sizes=\"(max-width: 800px) 100vw, 800px\" \/>\t\t\t\t\t\t\t\t\t\t\t\t\t\t\t<\/div>\n\t\t<div class=\"elementor-element elementor-element-53e7aaa e-con-full e-flex e-con e-child\" data-id=\"53e7aaa\" data-element_type=\"container\">\n\t\t\t\t<div class=\"elementor-element elementor-element-b07b9d5 elementor-widget elementor-widget-heading\" data-id=\"b07b9d5\" data-element_type=\"widget\" data-widget_type=\"heading.default\">\n\t\t\t\t\t<h3 class=\"elementor-heading-title elementor-size-default\">Marcos Palometas<\/h3>\t\t\t\t<\/div>\n\t\t\t\t<div class=\"elementor-element elementor-element-f059b82 elementor-widget elementor-widget-heading\" data-id=\"f059b82\" data-element_type=\"widget\" data-widget_type=\"heading.default\">\n\t\t\t\t\t<p class=\"elementor-heading-title elementor-size-default\">Gitarrist<\/p>\t\t\t\t<\/div>\n\t\t\t\t<\/div>\n\t\t\t\t<\/div>\n\t\t<div class=\"elementor-element elementor-element-e3e4fa3 e-con-full e-flex e-con e-child\" data-id=\"e3e4fa3\" data-element_type=\"container\" data-settings=\"{&quot;background_background&quot;:&quot;classic&quot;}\">\n\t\t\t\t<div class=\"elementor-element elementor-element-1e6b159 elementor-widget elementor-widget-image\" data-id=\"1e6b159\" data-element_type=\"widget\" data-widget_type=\"image.default\">\n\t\t\t\t\t\t\t\t\t\t\t\t\t\t\t<img decoding=\"async\" width=\"800\" height=\"800\" src=\"https:\/\/tablaoflamencogranada.com\/wp-content\/uploads\/2025\/05\/sergio-el-colorao.png\" class=\"attachment-large size-large wp-image-5391\" alt=\"Sergio G\u00f3mez el Colorao\" srcset=\"https:\/\/tablaoflamencogranada.com\/wp-content\/uploads\/2025\/05\/sergio-el-colorao.png 1000w, https:\/\/tablaoflamencogranada.com\/wp-content\/uploads\/2025\/05\/sergio-el-colorao-300x300.png 300w, https:\/\/tablaoflamencogranada.com\/wp-content\/uploads\/2025\/05\/sergio-el-colorao-150x150.png 150w, https:\/\/tablaoflamencogranada.com\/wp-content\/uploads\/2025\/05\/sergio-el-colorao-768x768.png 768w\" sizes=\"(max-width: 800px) 100vw, 800px\" \/>\t\t\t\t\t\t\t\t\t\t\t\t\t\t\t<\/div>\n\t\t<div class=\"elementor-element elementor-element-9e483cc e-con-full e-flex e-con e-child\" data-id=\"9e483cc\" data-element_type=\"container\">\n\t\t\t\t<div class=\"elementor-element elementor-element-51aaf3a elementor-widget elementor-widget-heading\" data-id=\"51aaf3a\" data-element_type=\"widget\" data-widget_type=\"heading.default\">\n\t\t\t\t\t<h3 class=\"elementor-heading-title elementor-size-default\">Rub\u00e9n Campos<\/h3>\t\t\t\t<\/div>\n\t\t\t\t<div class=\"elementor-element elementor-element-33cee1f elementor-widget elementor-widget-heading\" data-id=\"33cee1f\" data-element_type=\"widget\" data-widget_type=\"heading.default\">\n\t\t\t\t\t<p class=\"elementor-heading-title elementor-size-default\">Gitarrist<\/p>\t\t\t\t<\/div>\n\t\t\t\t<\/div>\n\t\t\t\t<\/div>\n\t\t\t\t<\/div>\n\t\t\t\t<div class=\"elementor-element elementor-element-40d9a79 elementor-widget elementor-widget-heading\" data-id=\"40d9a79\" data-element_type=\"widget\" data-widget_type=\"heading.default\">\n\t\t\t\t\t<h2 class=\"elementor-heading-title elementor-size-default\">Flamenco-T\u00e4nzer<\/h2>\t\t\t\t<\/div>\n\t\t<div class=\"elementor-element elementor-element-4601cdf e-con-full e-flex e-con e-child\" data-id=\"4601cdf\" data-element_type=\"container\">\n\t\t<div class=\"elementor-element elementor-element-2017f6b e-con-full e-flex e-con e-child\" data-id=\"2017f6b\" data-element_type=\"container\" data-settings=\"{&quot;background_background&quot;:&quot;classic&quot;}\">\n\t\t\t\t<div class=\"elementor-element elementor-element-3e2d219 elementor-widget elementor-widget-image\" data-id=\"3e2d219\" data-element_type=\"widget\" data-widget_type=\"image.default\">\n\t\t\t\t\t\t\t\t\t\t\t\t\t\t\t<img loading=\"lazy\" decoding=\"async\" width=\"800\" height=\"800\" src=\"https:\/\/tablaoflamencogranada.com\/wp-content\/uploads\/2025\/05\/antonio-gonzalez-bailaor.png\" class=\"attachment-large size-large wp-image-5524\" alt=\"Antonio Gonz\u00e1lez Bailaor\" srcset=\"https:\/\/tablaoflamencogranada.com\/wp-content\/uploads\/2025\/05\/antonio-gonzalez-bailaor.png 1000w, https:\/\/tablaoflamencogranada.com\/wp-content\/uploads\/2025\/05\/antonio-gonzalez-bailaor-300x300.png 300w, https:\/\/tablaoflamencogranada.com\/wp-content\/uploads\/2025\/05\/antonio-gonzalez-bailaor-150x150.png 150w, https:\/\/tablaoflamencogranada.com\/wp-content\/uploads\/2025\/05\/antonio-gonzalez-bailaor-768x768.png 768w\" sizes=\"(max-width: 800px) 100vw, 800px\" \/>\t\t\t\t\t\t\t\t\t\t\t\t\t\t\t<\/div>\n\t\t<div class=\"elementor-element elementor-element-4434abf e-con-full e-flex e-con e-child\" data-id=\"4434abf\" data-element_type=\"container\">\n\t\t\t\t<div class=\"elementor-element elementor-element-11d88b9 elementor-widget elementor-widget-heading\" data-id=\"11d88b9\" data-element_type=\"widget\" data-widget_type=\"heading.default\">\n\t\t\t\t\t<h3 class=\"elementor-heading-title elementor-size-default\">Antonio Gonz\u00e1lez<\/h3>\t\t\t\t<\/div>\n\t\t\t\t<div class=\"elementor-element elementor-element-1a76b09 elementor-widget elementor-widget-heading\" data-id=\"1a76b09\" data-element_type=\"widget\" data-widget_type=\"heading.default\">\n\t\t\t\t\t<p class=\"elementor-heading-title elementor-size-default\">T\u00e4nzerin<\/p>\t\t\t\t<\/div>\n\t\t\t\t<\/div>\n\t\t\t\t<\/div>\n\t\t<div class=\"elementor-element elementor-element-080df60 e-con-full e-flex e-con e-child\" data-id=\"080df60\" data-element_type=\"container\" data-settings=\"{&quot;background_background&quot;:&quot;classic&quot;}\">\n\t\t\t\t<div class=\"elementor-element elementor-element-35256a4 elementor-widget elementor-widget-image\" data-id=\"35256a4\" data-element_type=\"widget\" data-widget_type=\"image.default\">\n\t\t\t\t\t\t\t\t\t\t\t\t\t\t\t<img loading=\"lazy\" decoding=\"async\" width=\"800\" height=\"800\" src=\"https:\/\/tablaoflamencogranada.com\/wp-content\/uploads\/2025\/05\/chirstina-pages.png\" class=\"attachment-large size-large wp-image-5472\" alt=\"Christina Pages bailaora flamenco\" srcset=\"https:\/\/tablaoflamencogranada.com\/wp-content\/uploads\/2025\/05\/chirstina-pages.png 1000w, https:\/\/tablaoflamencogranada.com\/wp-content\/uploads\/2025\/05\/chirstina-pages-300x300.png 300w, https:\/\/tablaoflamencogranada.com\/wp-content\/uploads\/2025\/05\/chirstina-pages-150x150.png 150w, https:\/\/tablaoflamencogranada.com\/wp-content\/uploads\/2025\/05\/chirstina-pages-768x768.png 768w\" sizes=\"(max-width: 800px) 100vw, 800px\" \/>\t\t\t\t\t\t\t\t\t\t\t\t\t\t\t<\/div>\n\t\t<div class=\"elementor-element elementor-element-7216f69 e-con-full e-flex e-con e-child\" data-id=\"7216f69\" data-element_type=\"container\">\n\t\t\t\t<div class=\"elementor-element elementor-element-e4bd254 elementor-widget elementor-widget-heading\" data-id=\"e4bd254\" data-element_type=\"widget\" data-widget_type=\"heading.default\">\n\t\t\t\t\t<h3 class=\"elementor-heading-title elementor-size-default\">Chirstina Seiten<\/h3>\t\t\t\t<\/div>\n\t\t\t\t<div class=\"elementor-element elementor-element-0646bf2 elementor-widget elementor-widget-heading\" data-id=\"0646bf2\" data-element_type=\"widget\" data-widget_type=\"heading.default\">\n\t\t\t\t\t<p class=\"elementor-heading-title elementor-size-default\">T\u00e4nzerin<\/p>\t\t\t\t<\/div>\n\t\t\t\t<\/div>\n\t\t\t\t<\/div>\n\t\t<div class=\"elementor-element elementor-element-0ab347d e-con-full e-flex e-con e-child\" data-id=\"0ab347d\" data-element_type=\"container\" data-settings=\"{&quot;background_background&quot;:&quot;classic&quot;}\">\n\t\t\t\t<div class=\"elementor-element elementor-element-b955bf6 elementor-widget elementor-widget-image\" data-id=\"b955bf6\" data-element_type=\"widget\" data-widget_type=\"image.default\">\n\t\t\t\t\t\t\t\t\t\t\t\t\t\t\t<img loading=\"lazy\" decoding=\"async\" width=\"800\" height=\"800\" src=\"https:\/\/tablaoflamencogranada.com\/wp-content\/uploads\/2025\/05\/Cristina-soler-1.png\" class=\"attachment-large size-large wp-image-5492\" alt=\"Cristina Soler Granada Bailaora\" srcset=\"https:\/\/tablaoflamencogranada.com\/wp-content\/uploads\/2025\/05\/Cristina-soler-1.png 1000w, https:\/\/tablaoflamencogranada.com\/wp-content\/uploads\/2025\/05\/Cristina-soler-1-300x300.png 300w, https:\/\/tablaoflamencogranada.com\/wp-content\/uploads\/2025\/05\/Cristina-soler-1-150x150.png 150w, https:\/\/tablaoflamencogranada.com\/wp-content\/uploads\/2025\/05\/Cristina-soler-1-768x768.png 768w\" sizes=\"(max-width: 800px) 100vw, 800px\" \/>\t\t\t\t\t\t\t\t\t\t\t\t\t\t\t<\/div>\n\t\t<div class=\"elementor-element elementor-element-b88d621 e-con-full e-flex e-con e-child\" data-id=\"b88d621\" data-element_type=\"container\">\n\t\t\t\t<div class=\"elementor-element elementor-element-4d255c9 elementor-widget elementor-widget-heading\" data-id=\"4d255c9\" data-element_type=\"widget\" data-widget_type=\"heading.default\">\n\t\t\t\t\t<h3 class=\"elementor-heading-title elementor-size-default\">Cristina Soler<\/h3>\t\t\t\t<\/div>\n\t\t\t\t<div class=\"elementor-element elementor-element-3bfbff9 elementor-widget elementor-widget-heading\" data-id=\"3bfbff9\" data-element_type=\"widget\" data-widget_type=\"heading.default\">\n\t\t\t\t\t<p class=\"elementor-heading-title elementor-size-default\">T\u00e4nzerin<\/p>\t\t\t\t<\/div>\n\t\t\t\t<\/div>\n\t\t\t\t<\/div>\n\t\t<div class=\"elementor-element elementor-element-8dd9dfe e-con-full e-flex e-con e-child\" data-id=\"8dd9dfe\" data-element_type=\"container\" data-settings=\"{&quot;background_background&quot;:&quot;classic&quot;}\">\n\t\t\t\t<div class=\"elementor-element elementor-element-77bba12 elementor-widget elementor-widget-image\" data-id=\"77bba12\" data-element_type=\"widget\" data-widget_type=\"image.default\">\n\t\t\t\t\t\t\t\t\t\t\t\t\t\t\t<img loading=\"lazy\" decoding=\"async\" width=\"800\" height=\"800\" src=\"https:\/\/tablaoflamencogranada.com\/wp-content\/uploads\/2025\/05\/irene-morales-bailaora-granada-flamenco.png\" class=\"attachment-large size-large wp-image-5512\" alt=\"Irene Morales Bailaora Granada\" srcset=\"https:\/\/tablaoflamencogranada.com\/wp-content\/uploads\/2025\/05\/irene-morales-bailaora-granada-flamenco.png 1000w, https:\/\/tablaoflamencogranada.com\/wp-content\/uploads\/2025\/05\/irene-morales-bailaora-granada-flamenco-300x300.png 300w, https:\/\/tablaoflamencogranada.com\/wp-content\/uploads\/2025\/05\/irene-morales-bailaora-granada-flamenco-150x150.png 150w, https:\/\/tablaoflamencogranada.com\/wp-content\/uploads\/2025\/05\/irene-morales-bailaora-granada-flamenco-768x768.png 768w\" sizes=\"(max-width: 800px) 100vw, 800px\" \/>\t\t\t\t\t\t\t\t\t\t\t\t\t\t\t<\/div>\n\t\t<div class=\"elementor-element elementor-element-000401f e-con-full e-flex e-con e-child\" data-id=\"000401f\" data-element_type=\"container\">\n\t\t\t\t<div class=\"elementor-element elementor-element-3e7e3a9 elementor-widget elementor-widget-heading\" data-id=\"3e7e3a9\" data-element_type=\"widget\" data-widget_type=\"heading.default\">\n\t\t\t\t\t<h3 class=\"elementor-heading-title elementor-size-default\">Irene Morales<\/h3>\t\t\t\t<\/div>\n\t\t\t\t<div class=\"elementor-element elementor-element-c3e215f elementor-widget elementor-widget-heading\" data-id=\"c3e215f\" data-element_type=\"widget\" data-widget_type=\"heading.default\">\n\t\t\t\t\t<p class=\"elementor-heading-title elementor-size-default\">T\u00e4nzerin<\/p>\t\t\t\t<\/div>\n\t\t\t\t<\/div>\n\t\t\t\t<\/div>\n\t\t<div class=\"elementor-element elementor-element-66e3f94 e-con-full e-flex e-con e-child\" data-id=\"66e3f94\" data-element_type=\"container\" data-settings=\"{&quot;background_background&quot;:&quot;classic&quot;}\">\n\t\t\t\t<div class=\"elementor-element elementor-element-52ca57f elementor-widget elementor-widget-image\" data-id=\"52ca57f\" data-element_type=\"widget\" data-widget_type=\"image.default\">\n\t\t\t\t\t\t\t\t\t\t\t\t\t\t\t<img loading=\"lazy\" decoding=\"async\" width=\"800\" height=\"800\" src=\"https:\/\/tablaoflamencogranada.com\/wp-content\/uploads\/2025\/05\/jasiel-nahin-bailaor.png\" class=\"attachment-large size-large wp-image-5457\" alt=\"Jasiel Nahin Bailaor\" srcset=\"https:\/\/tablaoflamencogranada.com\/wp-content\/uploads\/2025\/05\/jasiel-nahin-bailaor.png 1000w, https:\/\/tablaoflamencogranada.com\/wp-content\/uploads\/2025\/05\/jasiel-nahin-bailaor-300x300.png 300w, https:\/\/tablaoflamencogranada.com\/wp-content\/uploads\/2025\/05\/jasiel-nahin-bailaor-150x150.png 150w, https:\/\/tablaoflamencogranada.com\/wp-content\/uploads\/2025\/05\/jasiel-nahin-bailaor-768x768.png 768w\" sizes=\"(max-width: 800px) 100vw, 800px\" \/>\t\t\t\t\t\t\t\t\t\t\t\t\t\t\t<\/div>\n\t\t<div class=\"elementor-element elementor-element-df4c97d e-con-full e-flex e-con e-child\" data-id=\"df4c97d\" data-element_type=\"container\">\n\t\t\t\t<div class=\"elementor-element elementor-element-621977d elementor-widget elementor-widget-heading\" data-id=\"621977d\" data-element_type=\"widget\" data-widget_type=\"heading.default\">\n\t\t\t\t\t<h3 class=\"elementor-heading-title elementor-size-default\">Jasiel Nahin<\/h3>\t\t\t\t<\/div>\n\t\t\t\t<div class=\"elementor-element elementor-element-dd2f6cc elementor-widget elementor-widget-heading\" data-id=\"dd2f6cc\" data-element_type=\"widget\" data-widget_type=\"heading.default\">\n\t\t\t\t\t<p class=\"elementor-heading-title elementor-size-default\">T\u00e4nzerin<\/p>\t\t\t\t<\/div>\n\t\t\t\t<\/div>\n\t\t\t\t<\/div>\n\t\t<div class=\"elementor-element elementor-element-bbf54f0 e-con-full e-flex e-con e-child\" data-id=\"bbf54f0\" data-element_type=\"container\" data-settings=\"{&quot;background_background&quot;:&quot;classic&quot;}\">\n\t\t\t\t<div class=\"elementor-element elementor-element-08a906a elementor-widget elementor-widget-image\" data-id=\"08a906a\" data-element_type=\"widget\" data-widget_type=\"image.default\">\n\t\t\t\t\t\t\t\t\t\t\t\t\t\t\t<img loading=\"lazy\" decoding=\"async\" width=\"800\" height=\"800\" src=\"https:\/\/tablaoflamencogranada.com\/wp-content\/uploads\/2025\/05\/macarena-mulero.png\" class=\"attachment-large size-large wp-image-5535\" alt=\"Macarena Mulero\" srcset=\"https:\/\/tablaoflamencogranada.com\/wp-content\/uploads\/2025\/05\/macarena-mulero.png 1000w, https:\/\/tablaoflamencogranada.com\/wp-content\/uploads\/2025\/05\/macarena-mulero-300x300.png 300w, https:\/\/tablaoflamencogranada.com\/wp-content\/uploads\/2025\/05\/macarena-mulero-150x150.png 150w, https:\/\/tablaoflamencogranada.com\/wp-content\/uploads\/2025\/05\/macarena-mulero-768x768.png 768w\" sizes=\"(max-width: 800px) 100vw, 800px\" \/>\t\t\t\t\t\t\t\t\t\t\t\t\t\t\t<\/div>\n\t\t<div class=\"elementor-element elementor-element-b3fa680 e-con-full e-flex e-con e-child\" data-id=\"b3fa680\" data-element_type=\"container\">\n\t\t\t\t<div class=\"elementor-element elementor-element-9bcf4c4 elementor-widget elementor-widget-heading\" data-id=\"9bcf4c4\" data-element_type=\"widget\" data-widget_type=\"heading.default\">\n\t\t\t\t\t<h3 class=\"elementor-heading-title elementor-size-default\">Macarena Mulero<\/h3>\t\t\t\t<\/div>\n\t\t\t\t<div class=\"elementor-element elementor-element-e169419 elementor-widget elementor-widget-heading\" data-id=\"e169419\" data-element_type=\"widget\" data-widget_type=\"heading.default\">\n\t\t\t\t\t<p class=\"elementor-heading-title elementor-size-default\">T\u00e4nzerin<\/p>\t\t\t\t<\/div>\n\t\t\t\t<\/div>\n\t\t\t\t<\/div>\n\t\t<div class=\"elementor-element elementor-element-47fba38 e-con-full e-flex e-con e-child\" data-id=\"47fba38\" data-element_type=\"container\" data-settings=\"{&quot;background_background&quot;:&quot;classic&quot;}\">\n\t\t\t\t<div class=\"elementor-element elementor-element-be86953 elementor-widget elementor-widget-image\" data-id=\"be86953\" data-element_type=\"widget\" data-widget_type=\"image.default\">\n\t\t\t\t\t\t\t\t\t\t\t\t\t\t\t<img loading=\"lazy\" decoding=\"async\" width=\"800\" height=\"800\" src=\"https:\/\/tablaoflamencogranada.com\/wp-content\/uploads\/2025\/05\/jose-cortes-el-indio.png\" class=\"attachment-large size-large wp-image-5544\" alt=\"Jos\u00e9 Cort\u00e9s, bailaor\" srcset=\"https:\/\/tablaoflamencogranada.com\/wp-content\/uploads\/2025\/05\/jose-cortes-el-indio.png 1000w, https:\/\/tablaoflamencogranada.com\/wp-content\/uploads\/2025\/05\/jose-cortes-el-indio-300x300.png 300w, https:\/\/tablaoflamencogranada.com\/wp-content\/uploads\/2025\/05\/jose-cortes-el-indio-150x150.png 150w, https:\/\/tablaoflamencogranada.com\/wp-content\/uploads\/2025\/05\/jose-cortes-el-indio-768x768.png 768w\" sizes=\"(max-width: 800px) 100vw, 800px\" \/>\t\t\t\t\t\t\t\t\t\t\t\t\t\t\t<\/div>\n\t\t<div class=\"elementor-element elementor-element-954a94d e-con-full e-flex e-con e-child\" data-id=\"954a94d\" data-element_type=\"container\">\n\t\t\t\t<div class=\"elementor-element elementor-element-83040f5 elementor-widget elementor-widget-heading\" data-id=\"83040f5\" data-element_type=\"widget\" data-widget_type=\"heading.default\">\n\t\t\t\t\t<h3 class=\"elementor-heading-title elementor-size-default\">Jos\u00e9 Cort\u00e9s, \u201eEl Indio\u201c (Der Indianer)<\/h3>\t\t\t\t<\/div>\n\t\t\t\t<div class=\"elementor-element elementor-element-aeb1f77 elementor-widget elementor-widget-heading\" data-id=\"aeb1f77\" data-element_type=\"widget\" data-widget_type=\"heading.default\">\n\t\t\t\t\t<p class=\"elementor-heading-title elementor-size-default\">T\u00e4nzerin<\/p>\t\t\t\t<\/div>\n\t\t\t\t<\/div>\n\t\t\t\t<\/div>\n\t\t<div class=\"elementor-element elementor-element-6fe1412 e-con-full e-flex e-con e-child\" data-id=\"6fe1412\" data-element_type=\"container\" data-settings=\"{&quot;background_background&quot;:&quot;classic&quot;}\">\n\t\t\t\t<div class=\"elementor-element elementor-element-f9d2478 elementor-widget elementor-widget-image\" data-id=\"f9d2478\" data-element_type=\"widget\" data-widget_type=\"image.default\">\n\t\t\t\t\t\t\t\t\t\t\t\t\t\t\t<img loading=\"lazy\" decoding=\"async\" width=\"800\" height=\"800\" src=\"https:\/\/tablaoflamencogranada.com\/wp-content\/uploads\/2025\/05\/juan-tomas-de-la-molia.png\" class=\"attachment-large size-large wp-image-5552\" alt=\"Juan Tom\u00e1s de la Molia\" srcset=\"https:\/\/tablaoflamencogranada.com\/wp-content\/uploads\/2025\/05\/juan-tomas-de-la-molia.png 1000w, https:\/\/tablaoflamencogranada.com\/wp-content\/uploads\/2025\/05\/juan-tomas-de-la-molia-300x300.png 300w, https:\/\/tablaoflamencogranada.com\/wp-content\/uploads\/2025\/05\/juan-tomas-de-la-molia-150x150.png 150w, https:\/\/tablaoflamencogranada.com\/wp-content\/uploads\/2025\/05\/juan-tomas-de-la-molia-768x768.png 768w\" sizes=\"(max-width: 800px) 100vw, 800px\" \/>\t\t\t\t\t\t\t\t\t\t\t\t\t\t\t<\/div>\n\t\t<div class=\"elementor-element elementor-element-21d3376 e-con-full e-flex e-con e-child\" data-id=\"21d3376\" data-element_type=\"container\">\n\t\t\t\t<div class=\"elementor-element elementor-element-1ccb7b8 elementor-widget elementor-widget-heading\" data-id=\"1ccb7b8\" data-element_type=\"widget\" data-widget_type=\"heading.default\">\n\t\t\t\t\t<h3 class=\"elementor-heading-title elementor-size-default\">Juan Tom\u00e1s de la Mol\u00eda<\/h3>\t\t\t\t<\/div>\n\t\t\t\t<div class=\"elementor-element elementor-element-dcc5fbc elementor-widget elementor-widget-heading\" data-id=\"dcc5fbc\" data-element_type=\"widget\" data-widget_type=\"heading.default\">\n\t\t\t\t\t<p class=\"elementor-heading-title elementor-size-default\">T\u00e4nzerin<\/p>\t\t\t\t<\/div>\n\t\t\t\t<\/div>\n\t\t\t\t<\/div>\n\t\t\t\t<\/div>\n\t\t\t\t\t<\/div>\n\t\t\t\t<\/div>\n\t\t\t\t<\/div>\n\t\t","protected":false},"excerpt":{"rendered":"<p>Flamenco-K\u00fcnstler Granada, Tablao Albayz\u00edn Im Tablao Flamenco Albayz\u00edn versammeln wir die besten Flamenco-K\u00fcnstler aus Granada und aus ganz Spanien, die aufgrund ihres Talents, ihrer Authentizit\u00e4t und ihrer Karriere ausgew\u00e4hlt wurden. Jeden Abend wird unsere B\u00fchne von Flamenco-S\u00e4ngern, T\u00e4nzern und Gitarristen belebt, die die wahre Essenz des Flamenco vermitteln. Lernen Sie unsere K\u00fcnstler, ihre Wurzeln und [&hellip;]<\/p>\n","protected":false},"author":1,"featured_media":0,"parent":0,"menu_order":0,"comment_status":"closed","ping_status":"closed","template":"","meta":{"footnotes":""},"class_list":["post-5326","page","type-page","status-publish","hentry"],"_links":{"self":[{"href":"https:\/\/tablaoflamencogranada.com\/de\/wp-json\/wp\/v2\/pages\/5326","targetHints":{"allow":["GET"]}}],"collection":[{"href":"https:\/\/tablaoflamencogranada.com\/de\/wp-json\/wp\/v2\/pages"}],"about":[{"href":"https:\/\/tablaoflamencogranada.com\/de\/wp-json\/wp\/v2\/types\/page"}],"author":[{"embeddable":true,"href":"https:\/\/tablaoflamencogranada.com\/de\/wp-json\/wp\/v2\/users\/1"}],"replies":[{"embeddable":true,"href":"https:\/\/tablaoflamencogranada.com\/de\/wp-json\/wp\/v2\/comments?post=5326"}],"version-history":[{"count":6,"href":"https:\/\/tablaoflamencogranada.com\/de\/wp-json\/wp\/v2\/pages\/5326\/revisions"}],"predecessor-version":[{"id":8910,"href":"https:\/\/tablaoflamencogranada.com\/de\/wp-json\/wp\/v2\/pages\/5326\/revisions\/8910"}],"wp:attachment":[{"href":"https:\/\/tablaoflamencogranada.com\/de\/wp-json\/wp\/v2\/media?parent=5326"}],"curies":[{"name":"wp","href":"https:\/\/api.w.org\/{rel}","templated":true}]}}